{"id":963,"date":"2024-01-02T17:38:07","date_gmt":"2024-01-02T16:38:07","guid":{"rendered":"https:\/\/fernandezromacho.com\/?page_id=963"},"modified":"2024-02-19T11:53:43","modified_gmt":"2024-02-19T10:53:43","slug":"blog","status":"publish","type":"page","link":"https:\/\/fernandezromacho.com\/index.php\/blog\/","title":{"rendered":"ACTUALIDAD"},"content":{"rendered":"\t\t<div data-elementor-type=\"wp-page\" data-elementor-id=\"963\" class=\"elementor elementor-963\">\n\t\t\t\t<div class=\"elementor-element elementor-element-1f9136d elementor-hidden-mobile e-flex e-con-boxed e-con e-parent\" data-id=\"1f9136d\" data-element_type=\"container\" data-settings=\"{&quot;background_background&quot;:&quot;classic&quot;}\">\n\t\t\t\t\t<div class=\"e-con-inner\">\n\t\t\t\t<div class=\"elementor-element elementor-element-163cef77 elementor-widget elementor-widget-heading\" data-id=\"163cef77\" data-element_type=\"widget\" data-widget_type=\"heading.default\">\n\t\t\t\t<div class=\"elementor-widget-container\">\n\t\t\t<h1 class=\"elementor-heading-title elementor-size-default\">ACTUALIDAD<\/h1>\t\t<\/div>\n\t\t\t\t<\/div>\n\t\t\t\t\t<\/div>\n\t\t\t\t<\/div>\n\t\t<div class=\"elementor-element elementor-element-ca81bbe elementor-hidden-desktop elementor-hidden-tablet e-flex e-con-boxed e-con e-parent\" data-id=\"ca81bbe\" data-element_type=\"container\" data-settings=\"{&quot;background_background&quot;:&quot;classic&quot;}\">\n\t\t\t\t\t<div class=\"e-con-inner\">\n\t\t\t\t<div class=\"elementor-element elementor-element-b71dfee elementor-widget elementor-widget-heading\" data-id=\"b71dfee\" data-element_type=\"widget\" data-widget_type=\"heading.default\">\n\t\t\t\t<div class=\"elementor-widget-container\">\n\t\t\t<h1 class=\"elementor-heading-title elementor-size-default\">ACTUALIDAD<\/h1>\t\t<\/div>\n\t\t\t\t<\/div>\n\t\t\t\t\t<\/div>\n\t\t\t\t<\/div>\n\t\t<div class=\"elementor-element elementor-element-18073b8 e-con-full e-flex e-con e-parent\" data-id=\"18073b8\" data-element_type=\"container\">\n\t\t\t\t<div class=\"elementor-element elementor-element-fed03c2 elementor-widget elementor-widget-spacer\" data-id=\"fed03c2\" data-element_type=\"widget\" data-widget_type=\"spacer.default\">\n\t\t\t\t<div class=\"elementor-widget-container\">\n\t\t\t\t\t<div class=\"elementor-spacer\">\n\t\t\t<div class=\"elementor-spacer-inner\"><\/div>\n\t\t<\/div>\n\t\t\t\t<\/div>\n\t\t\t\t<\/div>\n\t\t\t\t<\/div>\n\t\t<div class=\"elementor-element elementor-element-06358a0 elementor-hidden-mobile e-flex e-con-boxed e-con e-parent\" data-id=\"06358a0\" data-element_type=\"container\">\n\t\t\t\t\t<div class=\"e-con-inner\">\n\t\t\t\t<div class=\"elementor-element elementor-element-25cd442 premium-blog-align-left elementor-widget elementor-widget-premium-addon-blog\" data-id=\"25cd442\" data-element_type=\"widget\" data-settings=\"{&quot;force_height&quot;:&quot;true&quot;,&quot;premium_blog_columns_number&quot;:&quot;33.33%&quot;,&quot;premium_blog_grid&quot;:&quot;yes&quot;,&quot;premium_blog_layout&quot;:&quot;even&quot;,&quot;premium_blog_columns_number_tablet&quot;:&quot;50%&quot;,&quot;premium_blog_columns_number_mobile&quot;:&quot;100%&quot;,&quot;scroll_to_offset&quot;:&quot;yes&quot;}\" data-widget_type=\"premium-addon-blog.default\">\n\t\t\t\t<div class=\"elementor-widget-container\">\n\t\t\t\n\t\t\t\t<div class=\"premium-blog-wrap  premium-blog-even\" data-page=\"963\" data-pagination=\"true\">\n\t\t\t\t\t<div class=\"premium-blog-post-outer-container\" data-total=\"2\">\r\n\t\t\t<div class=\"premium-blog-post-container premium-blog-skin-modern\">\r\n\t\t\t\t\t\t\t\t\t<div class=\"premium-blog-thumb-effect-wrapper\">\r\n\t\t\t\t\t\t<div class=\"premium-blog-thumbnail-container premium-blog-zoomin-effect\">\r\n\t\t\t\t\t\t\t\t\t\t\t<a href=\"https:\/\/fernandezromacho.com\/index.php\/2024\/01\/02\/el-regimen-de-propiedad-horizontal\/\" target=\"_blank\">\r\n\t\t\t\t<img fetchpriority=\"high\" decoding=\"async\" width=\"1200\" height=\"628\" src=\"https:\/\/fernandezromacho.com\/wp-content\/uploads\/2024\/01\/Regimen-de-Propiedad-Horizontal.png\" class=\"attachment-full size-full wp-image-1103\" alt=\"\" srcset=\"https:\/\/fernandezromacho.com\/wp-content\/uploads\/2024\/01\/Regimen-de-Propiedad-Horizontal.png 1200w, https:\/\/fernandezromacho.com\/wp-content\/uploads\/2024\/01\/Regimen-de-Propiedad-Horizontal-300x157.png 300w, https:\/\/fernandezromacho.com\/wp-content\/uploads\/2024\/01\/Regimen-de-Propiedad-Horizontal-1024x536.png 1024w, https:\/\/fernandezromacho.com\/wp-content\/uploads\/2024\/01\/Regimen-de-Propiedad-Horizontal-768x402.png 768w\" sizes=\"(max-width: 1200px) 100vw, 1200px\" \/>\t\t\t\t<\/a>\r\n\t\t\t\t\t\t\t\t\t\t<\/div>\r\n\t\t\t\t\t\t\t\t\t\t\t\t\t<div class=\"premium-blog-effect-container premium-blog-framed-effect\">\r\n\t\t\t\t\t\t\t\t<a class=\"premium-blog-post-link\" href=\"https:\/\/fernandezromacho.com\/index.php\/2024\/01\/02\/el-regimen-de-propiedad-horizontal\/\" target=\"_blank\"><span>El R\u00e9gimen de Propiedad Horizontal<\/span><\/a>\r\n\t\t\t\t\t\t\t\t\t\t\t\t\t\t\t<\/div>\r\n\t\t\t\t\t\t\t\t\t\t\t<\/div>\r\n\t\t\t\t\t\t\t\t\t\t\t\t<div class=\"premium-blog-content-wrapper \">\r\n\r\n\t\t\t\t\t<div class=\"premium-blog-inner-container\">\r\n\r\n\t\t\t\t\t\t\t\t\t\t\t\t\t\t<h2 class=\"premium-blog-entry-title\">\r\n\t\t\t<a href=\"https:\/\/fernandezromacho.com\/index.php\/2024\/01\/02\/el-regimen-de-propiedad-horizontal\/\" target=\"_blank\">\r\n\t\t\t\tEl R\u00e9gimen de Propiedad Horizontal\t\t\t<\/a>\r\n\t\t<\/h2>\r\n\t\t\t\t<div class=\"premium-blog-entry-meta\">\r\n\t\t\t\r\n\t\t\t\t\t\t\t<span class=\"premium-blog-meta-separator\">\u2022<\/span>\r\n\t\t\t\t<div class=\"premium-blog-post-time premium-blog-meta-data\">\r\n\t\t\t\t\t<i class=\"fa fa-calendar-alt\" aria-hidden=\"true\"><\/i>\r\n\t\t\t\t\t<span>2 de enero de 2024<\/span>\r\n\t\t\t\t<\/div>\r\n\t\t\t\r\n\t\t\t\r\n\t\t\t\t\t<\/div>\r\n\t\t\r\n\t\t\t\t\t<\/div>\r\n\r\n\t\t\t\t\t\t\t<div class=\"premium-blog-content-inner-wrapper\">\r\n\t\t<p class=\"premium-blog-post-content\">El r\u00e9gimen de propiedad horizontal regula la convivencia en comunidades de propietarios en Espa\u00f1a.<\/p>\t\t<\/div>\r\n\t\t\t\t\t\t\t\r\n\t\t\t\t<\/div>\r\n\t\t\t<\/div>\r\n\t\t<\/div>\r\n\r\n\t\t\t\t<div class=\"premium-blog-post-outer-container\" data-total=\"2\">\r\n\t\t\t<div class=\"premium-blog-post-container premium-blog-skin-modern\">\r\n\t\t\t\t\t\t\t\t\t<div class=\"premium-blog-thumb-effect-wrapper\">\r\n\t\t\t\t\t\t<div class=\"premium-blog-thumbnail-container premium-blog-zoomin-effect\">\r\n\t\t\t\t\t\t\t\t\t\t\t<a href=\"https:\/\/fernandezromacho.com\/index.php\/2024\/01\/02\/responsabilidad-civil-y-penal-de-los-administradores-de-empresas\/\" target=\"_blank\">\r\n\t\t\t\t<img decoding=\"async\" width=\"1200\" height=\"628\" src=\"https:\/\/fernandezromacho.com\/wp-content\/uploads\/2024\/01\/Responsabilidad-Civil.png\" class=\"attachment-full size-full wp-image-1096\" alt=\"\" srcset=\"https:\/\/fernandezromacho.com\/wp-content\/uploads\/2024\/01\/Responsabilidad-Civil.png 1200w, https:\/\/fernandezromacho.com\/wp-content\/uploads\/2024\/01\/Responsabilidad-Civil-300x157.png 300w, https:\/\/fernandezromacho.com\/wp-content\/uploads\/2024\/01\/Responsabilidad-Civil-1024x536.png 1024w, https:\/\/fernandezromacho.com\/wp-content\/uploads\/2024\/01\/Responsabilidad-Civil-768x402.png 768w\" sizes=\"(max-width: 1200px) 100vw, 1200px\" \/>\t\t\t\t<\/a>\r\n\t\t\t\t\t\t\t\t\t\t<\/div>\r\n\t\t\t\t\t\t\t\t\t\t\t\t\t<div class=\"premium-blog-effect-container premium-blog-framed-effect\">\r\n\t\t\t\t\t\t\t\t<a class=\"premium-blog-post-link\" href=\"https:\/\/fernandezromacho.com\/index.php\/2024\/01\/02\/responsabilidad-civil-y-penal-de-los-administradores-de-empresas\/\" target=\"_blank\"><span>Responsabilidad Civil y Penal de los Administradores de Empresas<\/span><\/a>\r\n\t\t\t\t\t\t\t\t\t\t\t\t\t\t\t<\/div>\r\n\t\t\t\t\t\t\t\t\t\t\t<\/div>\r\n\t\t\t\t\t\t\t\t\t\t\t\t<div class=\"premium-blog-content-wrapper \">\r\n\r\n\t\t\t\t\t<div class=\"premium-blog-inner-container\">\r\n\r\n\t\t\t\t\t\t\t\t\t\t\t\t\t\t<h2 class=\"premium-blog-entry-title\">\r\n\t\t\t<a href=\"https:\/\/fernandezromacho.com\/index.php\/2024\/01\/02\/responsabilidad-civil-y-penal-de-los-administradores-de-empresas\/\" target=\"_blank\">\r\n\t\t\t\tResponsabilidad Civil y Penal de los Administradores de Empresas\t\t\t<\/a>\r\n\t\t<\/h2>\r\n\t\t\t\t<div class=\"premium-blog-entry-meta\">\r\n\t\t\t\r\n\t\t\t\t\t\t\t<span class=\"premium-blog-meta-separator\">\u2022<\/span>\r\n\t\t\t\t<div class=\"premium-blog-post-time premium-blog-meta-data\">\r\n\t\t\t\t\t<i class=\"fa fa-calendar-alt\" aria-hidden=\"true\"><\/i>\r\n\t\t\t\t\t<span>2 de enero de 2024<\/span>\r\n\t\t\t\t<\/div>\r\n\t\t\t\r\n\t\t\t\r\n\t\t\t\t\t<\/div>\r\n\t\t\r\n\t\t\t\t\t<\/div>\r\n\r\n\t\t\t\t\t\t\t<div class=\"premium-blog-content-inner-wrapper\">\r\n\t\t<p class=\"premium-blog-post-content\">Los administradores de empresas tienen responsabilidades legales significativas en Espa\u00f1a.<\/p>\t\t<\/div>\r\n\t\t\t\t\t\t\t\r\n\t\t\t\t<\/div>\r\n\t\t\t<\/div>\r\n\t\t<\/div>\r\n\r\n\t\t\t\t<div class=\"premium-blog-post-outer-container\" data-total=\"2\">\r\n\t\t\t<div class=\"premium-blog-post-container premium-blog-skin-modern\">\r\n\t\t\t\t\t\t\t\t\t<div class=\"premium-blog-thumb-effect-wrapper\">\r\n\t\t\t\t\t\t<div class=\"premium-blog-thumbnail-container premium-blog-zoomin-effect\">\r\n\t\t\t\t\t\t\t\t\t\t\t<a href=\"https:\/\/fernandezromacho.com\/index.php\/2024\/01\/02\/el-arbitraje-procedimientos-ventajas-y-aplicaciones-practicas\/\" target=\"_blank\">\r\n\t\t\t\t<img decoding=\"async\" width=\"1200\" height=\"628\" src=\"https:\/\/fernandezromacho.com\/wp-content\/uploads\/2024\/01\/El-Arbitraje.png\" class=\"attachment-full size-full wp-image-1089\" alt=\"\" srcset=\"https:\/\/fernandezromacho.com\/wp-content\/uploads\/2024\/01\/El-Arbitraje.png 1200w, https:\/\/fernandezromacho.com\/wp-content\/uploads\/2024\/01\/El-Arbitraje-300x157.png 300w, https:\/\/fernandezromacho.com\/wp-content\/uploads\/2024\/01\/El-Arbitraje-1024x536.png 1024w, https:\/\/fernandezromacho.com\/wp-content\/uploads\/2024\/01\/El-Arbitraje-768x402.png 768w\" sizes=\"(max-width: 1200px) 100vw, 1200px\" \/>\t\t\t\t<\/a>\r\n\t\t\t\t\t\t\t\t\t\t<\/div>\r\n\t\t\t\t\t\t\t\t\t\t\t\t\t<div class=\"premium-blog-effect-container premium-blog-framed-effect\">\r\n\t\t\t\t\t\t\t\t<a class=\"premium-blog-post-link\" href=\"https:\/\/fernandezromacho.com\/index.php\/2024\/01\/02\/el-arbitraje-procedimientos-ventajas-y-aplicaciones-practicas\/\" target=\"_blank\"><span>El Arbitraje: Procedimientos, Ventajas y Aplicaciones Pr\u00e1cticas<\/span><\/a>\r\n\t\t\t\t\t\t\t\t\t\t\t\t\t\t\t<\/div>\r\n\t\t\t\t\t\t\t\t\t\t\t<\/div>\r\n\t\t\t\t\t\t\t\t\t\t\t\t<div class=\"premium-blog-content-wrapper \">\r\n\r\n\t\t\t\t\t<div class=\"premium-blog-inner-container\">\r\n\r\n\t\t\t\t\t\t\t\t\t\t\t\t\t\t<h2 class=\"premium-blog-entry-title\">\r\n\t\t\t<a href=\"https:\/\/fernandezromacho.com\/index.php\/2024\/01\/02\/el-arbitraje-procedimientos-ventajas-y-aplicaciones-practicas\/\" target=\"_blank\">\r\n\t\t\t\tEl Arbitraje: Procedimientos, Ventajas y Aplicaciones Pr\u00e1cticas\t\t\t<\/a>\r\n\t\t<\/h2>\r\n\t\t\t\t<div class=\"premium-blog-entry-meta\">\r\n\t\t\t\r\n\t\t\t\t\t\t\t<span class=\"premium-blog-meta-separator\">\u2022<\/span>\r\n\t\t\t\t<div class=\"premium-blog-post-time premium-blog-meta-data\">\r\n\t\t\t\t\t<i class=\"fa fa-calendar-alt\" aria-hidden=\"true\"><\/i>\r\n\t\t\t\t\t<span>2 de enero de 2024<\/span>\r\n\t\t\t\t<\/div>\r\n\t\t\t\r\n\t\t\t\r\n\t\t\t\t\t<\/div>\r\n\t\t\r\n\t\t\t\t\t<\/div>\r\n\r\n\t\t\t\t\t\t\t<div class=\"premium-blog-content-inner-wrapper\">\r\n\t\t<p class=\"premium-blog-post-content\">El arbitraje es un m\u00e9todo alternativo de resoluci\u00f3n de conflictos que gana cada vez m\u00e1s relevancia en Espa\u00f1a.<\/p>\t\t<\/div>\r\n\t\t\t\t\t\t\t\r\n\t\t\t\t<\/div>\r\n\t\t\t<\/div>\r\n\t\t<\/div>\r\n\r\n\t\t\t\t<div class=\"premium-blog-post-outer-container\" data-total=\"2\">\r\n\t\t\t<div class=\"premium-blog-post-container premium-blog-skin-modern\">\r\n\t\t\t\t\t\t\t\t\t<div class=\"premium-blog-thumb-effect-wrapper\">\r\n\t\t\t\t\t\t<div class=\"premium-blog-thumbnail-container premium-blog-zoomin-effect\">\r\n\t\t\t\t\t\t\t\t\t\t\t<a href=\"https:\/\/fernandezromacho.com\/index.php\/2024\/01\/02\/proceso-de-divorcio-requisitos-procedimientos-y-derechos\/\" target=\"_blank\">\r\n\t\t\t\t<img loading=\"lazy\" decoding=\"async\" width=\"1200\" height=\"628\" src=\"https:\/\/fernandezromacho.com\/wp-content\/uploads\/2024\/01\/Proceso-Divorcio.png\" class=\"attachment-full size-full wp-image-1082\" alt=\"\" srcset=\"https:\/\/fernandezromacho.com\/wp-content\/uploads\/2024\/01\/Proceso-Divorcio.png 1200w, https:\/\/fernandezromacho.com\/wp-content\/uploads\/2024\/01\/Proceso-Divorcio-300x157.png 300w, https:\/\/fernandezromacho.com\/wp-content\/uploads\/2024\/01\/Proceso-Divorcio-1024x536.png 1024w, https:\/\/fernandezromacho.com\/wp-content\/uploads\/2024\/01\/Proceso-Divorcio-768x402.png 768w\" sizes=\"(max-width: 1200px) 100vw, 1200px\" \/>\t\t\t\t<\/a>\r\n\t\t\t\t\t\t\t\t\t\t<\/div>\r\n\t\t\t\t\t\t\t\t\t\t\t\t\t<div class=\"premium-blog-effect-container premium-blog-framed-effect\">\r\n\t\t\t\t\t\t\t\t<a class=\"premium-blog-post-link\" href=\"https:\/\/fernandezromacho.com\/index.php\/2024\/01\/02\/proceso-de-divorcio-requisitos-procedimientos-y-derechos\/\" target=\"_blank\"><span>Proceso de Divorcio: Requisitos, Procedimientos y Derechos<\/span><\/a>\r\n\t\t\t\t\t\t\t\t\t\t\t\t\t\t\t<\/div>\r\n\t\t\t\t\t\t\t\t\t\t\t<\/div>\r\n\t\t\t\t\t\t\t\t\t\t\t\t<div class=\"premium-blog-content-wrapper \">\r\n\r\n\t\t\t\t\t<div class=\"premium-blog-inner-container\">\r\n\r\n\t\t\t\t\t\t\t\t\t\t\t\t\t\t<h2 class=\"premium-blog-entry-title\">\r\n\t\t\t<a href=\"https:\/\/fernandezromacho.com\/index.php\/2024\/01\/02\/proceso-de-divorcio-requisitos-procedimientos-y-derechos\/\" target=\"_blank\">\r\n\t\t\t\tProceso de Divorcio: Requisitos, Procedimientos y Derechos\t\t\t<\/a>\r\n\t\t<\/h2>\r\n\t\t\t\t<div class=\"premium-blog-entry-meta\">\r\n\t\t\t\r\n\t\t\t\t\t\t\t<span class=\"premium-blog-meta-separator\">\u2022<\/span>\r\n\t\t\t\t<div class=\"premium-blog-post-time premium-blog-meta-data\">\r\n\t\t\t\t\t<i class=\"fa fa-calendar-alt\" aria-hidden=\"true\"><\/i>\r\n\t\t\t\t\t<span>2 de enero de 2024<\/span>\r\n\t\t\t\t<\/div>\r\n\t\t\t\r\n\t\t\t\r\n\t\t\t\t\t<\/div>\r\n\t\t\r\n\t\t\t\t\t<\/div>\r\n\r\n\t\t\t\t\t\t\t<div class=\"premium-blog-content-inner-wrapper\">\r\n\t\t<p class=\"premium-blog-post-content\">El proceso de divorcio es una etapa legal compleja que requiere comprensi\u00f3n y orientaci\u00f3n.<\/p>\t\t<\/div>\r\n\t\t\t\t\t\t\t\r\n\t\t\t\t<\/div>\r\n\t\t\t<\/div>\r\n\t\t<\/div>\r\n\r\n\t\t\t\t<div class=\"premium-blog-post-outer-container\" data-total=\"2\">\r\n\t\t\t<div class=\"premium-blog-post-container premium-blog-skin-modern\">\r\n\t\t\t\t\t\t\t\t\t<div class=\"premium-blog-thumb-effect-wrapper\">\r\n\t\t\t\t\t\t<div class=\"premium-blog-thumbnail-container premium-blog-zoomin-effect\">\r\n\t\t\t\t\t\t\t\t\t\t\t<a href=\"https:\/\/fernandezromacho.com\/index.php\/2024\/01\/02\/como-constituir-una-sociedad-limitada\/\" target=\"_blank\">\r\n\t\t\t\t<img loading=\"lazy\" decoding=\"async\" width=\"1200\" height=\"628\" src=\"https:\/\/fernandezromacho.com\/wp-content\/uploads\/2024\/01\/Constituir-Sociedad-Limitada-1.png\" class=\"attachment-full size-full wp-image-1075\" alt=\"\" srcset=\"https:\/\/fernandezromacho.com\/wp-content\/uploads\/2024\/01\/Constituir-Sociedad-Limitada-1.png 1200w, https:\/\/fernandezromacho.com\/wp-content\/uploads\/2024\/01\/Constituir-Sociedad-Limitada-1-300x157.png 300w, https:\/\/fernandezromacho.com\/wp-content\/uploads\/2024\/01\/Constituir-Sociedad-Limitada-1-1024x536.png 1024w, https:\/\/fernandezromacho.com\/wp-content\/uploads\/2024\/01\/Constituir-Sociedad-Limitada-1-768x402.png 768w\" sizes=\"(max-width: 1200px) 100vw, 1200px\" \/>\t\t\t\t<\/a>\r\n\t\t\t\t\t\t\t\t\t\t<\/div>\r\n\t\t\t\t\t\t\t\t\t\t\t\t\t<div class=\"premium-blog-effect-container premium-blog-framed-effect\">\r\n\t\t\t\t\t\t\t\t<a class=\"premium-blog-post-link\" href=\"https:\/\/fernandezromacho.com\/index.php\/2024\/01\/02\/como-constituir-una-sociedad-limitada\/\" target=\"_blank\"><span>\u00bfC\u00f3mo Constituir una Sociedad Limitada?<\/span><\/a>\r\n\t\t\t\t\t\t\t\t\t\t\t\t\t\t\t<\/div>\r\n\t\t\t\t\t\t\t\t\t\t\t<\/div>\r\n\t\t\t\t\t\t\t\t\t\t\t\t<div class=\"premium-blog-content-wrapper \">\r\n\r\n\t\t\t\t\t<div class=\"premium-blog-inner-container\">\r\n\r\n\t\t\t\t\t\t\t\t\t\t\t\t\t\t<h2 class=\"premium-blog-entry-title\">\r\n\t\t\t<a href=\"https:\/\/fernandezromacho.com\/index.php\/2024\/01\/02\/como-constituir-una-sociedad-limitada\/\" target=\"_blank\">\r\n\t\t\t\t\u00bfC\u00f3mo Constituir una Sociedad Limitada?\t\t\t<\/a>\r\n\t\t<\/h2>\r\n\t\t\t\t<div class=\"premium-blog-entry-meta\">\r\n\t\t\t\r\n\t\t\t\t\t\t\t<span class=\"premium-blog-meta-separator\">\u2022<\/span>\r\n\t\t\t\t<div class=\"premium-blog-post-time premium-blog-meta-data\">\r\n\t\t\t\t\t<i class=\"fa fa-calendar-alt\" aria-hidden=\"true\"><\/i>\r\n\t\t\t\t\t<span>2 de enero de 2024<\/span>\r\n\t\t\t\t<\/div>\r\n\t\t\t\r\n\t\t\t\r\n\t\t\t\t\t<\/div>\r\n\t\t\r\n\t\t\t\t\t<\/div>\r\n\r\n\t\t\t\t\t\t\t<div class=\"premium-blog-content-inner-wrapper\">\r\n\t\t<p class=\"premium-blog-post-content\">Constituir una Sociedad Limitada (SL) en Espa\u00f1a es un proceso crucial para quienes desean emprender.<\/p>\t\t<\/div>\r\n\t\t\t\t\t\t\t\r\n\t\t\t\t<\/div>\r\n\t\t\t<\/div>\r\n\t\t<\/div>\r\n\r\n\t\t\t\t<div class=\"premium-blog-post-outer-container\" data-total=\"2\">\r\n\t\t\t<div class=\"premium-blog-post-container premium-blog-skin-modern\">\r\n\t\t\t\t\t\t\t\t\t<div class=\"premium-blog-thumb-effect-wrapper\">\r\n\t\t\t\t\t\t<div class=\"premium-blog-thumbnail-container premium-blog-zoomin-effect\">\r\n\t\t\t\t\t\t\t\t\t\t\t<a href=\"https:\/\/fernandezromacho.com\/index.php\/2024\/01\/02\/los-derechos-del-trabajador-claves-y-actualizaciones-legales\/\" target=\"_blank\">\r\n\t\t\t\t<img loading=\"lazy\" decoding=\"async\" width=\"1200\" height=\"628\" src=\"https:\/\/fernandezromacho.com\/wp-content\/uploads\/2024\/01\/Derechos-del-Trabajador.png\" class=\"attachment-full size-full wp-image-1067\" alt=\"\" srcset=\"https:\/\/fernandezromacho.com\/wp-content\/uploads\/2024\/01\/Derechos-del-Trabajador.png 1200w, https:\/\/fernandezromacho.com\/wp-content\/uploads\/2024\/01\/Derechos-del-Trabajador-300x157.png 300w, https:\/\/fernandezromacho.com\/wp-content\/uploads\/2024\/01\/Derechos-del-Trabajador-1024x536.png 1024w, https:\/\/fernandezromacho.com\/wp-content\/uploads\/2024\/01\/Derechos-del-Trabajador-768x402.png 768w\" sizes=\"(max-width: 1200px) 100vw, 1200px\" \/>\t\t\t\t<\/a>\r\n\t\t\t\t\t\t\t\t\t\t<\/div>\r\n\t\t\t\t\t\t\t\t\t\t\t\t\t<div class=\"premium-blog-effect-container premium-blog-framed-effect\">\r\n\t\t\t\t\t\t\t\t<a class=\"premium-blog-post-link\" href=\"https:\/\/fernandezromacho.com\/index.php\/2024\/01\/02\/los-derechos-del-trabajador-claves-y-actualizaciones-legales\/\" target=\"_blank\"><span>Los Derechos del Trabajador: Claves y Actualizaciones Legales<\/span><\/a>\r\n\t\t\t\t\t\t\t\t\t\t\t\t\t\t\t<\/div>\r\n\t\t\t\t\t\t\t\t\t\t\t<\/div>\r\n\t\t\t\t\t\t\t\t\t\t\t\t<div class=\"premium-blog-content-wrapper \">\r\n\r\n\t\t\t\t\t<div class=\"premium-blog-inner-container\">\r\n\r\n\t\t\t\t\t\t\t\t\t\t\t\t\t\t<h2 class=\"premium-blog-entry-title\">\r\n\t\t\t<a href=\"https:\/\/fernandezromacho.com\/index.php\/2024\/01\/02\/los-derechos-del-trabajador-claves-y-actualizaciones-legales\/\" target=\"_blank\">\r\n\t\t\t\tLos Derechos del Trabajador: Claves y Actualizaciones Legales\t\t\t<\/a>\r\n\t\t<\/h2>\r\n\t\t\t\t<div class=\"premium-blog-entry-meta\">\r\n\t\t\t\r\n\t\t\t\t\t\t\t<span class=\"premium-blog-meta-separator\">\u2022<\/span>\r\n\t\t\t\t<div class=\"premium-blog-post-time premium-blog-meta-data\">\r\n\t\t\t\t\t<i class=\"fa fa-calendar-alt\" aria-hidden=\"true\"><\/i>\r\n\t\t\t\t\t<span>2 de enero de 2024<\/span>\r\n\t\t\t\t<\/div>\r\n\t\t\t\r\n\t\t\t\r\n\t\t\t\t\t<\/div>\r\n\t\t\r\n\t\t\t\t\t<\/div>\r\n\r\n\t\t\t\t\t\t\t<div class=\"premium-blog-content-inner-wrapper\">\r\n\t\t<p class=\"premium-blog-post-content\">Los derechos laborales son fundamentales en el contexto laboral espa\u00f1ol y han evolucionado con el tiempo para adaptarse a nuevas realidades.<\/p>\t\t<\/div>\r\n\t\t\t\t\t\t\t\r\n\t\t\t\t<\/div>\r\n\t\t\t<\/div>\r\n\t\t<\/div>\r\n\r\n\t\t\t\t<div class=\"premium-blog-post-outer-container\" data-total=\"2\">\r\n\t\t\t<div class=\"premium-blog-post-container premium-blog-skin-modern\">\r\n\t\t\t\t\t\t\t\t\t<div class=\"premium-blog-thumb-effect-wrapper\">\r\n\t\t\t\t\t\t<div class=\"premium-blog-thumbnail-container premium-blog-zoomin-effect\">\r\n\t\t\t\t\t\t\t\t\t\t\t<a href=\"https:\/\/fernandezromacho.com\/index.php\/2024\/01\/02\/el-procedimiento-penal-en-espana-pasos-derechos-del-acusado-y-novedades-legislativas\/\" target=\"_blank\">\r\n\t\t\t\t<img loading=\"lazy\" decoding=\"async\" width=\"1200\" height=\"628\" src=\"https:\/\/fernandezromacho.com\/wp-content\/uploads\/2024\/01\/Procedimiento-Penal.png\" class=\"attachment-full size-full wp-image-1060\" alt=\"\" srcset=\"https:\/\/fernandezromacho.com\/wp-content\/uploads\/2024\/01\/Procedimiento-Penal.png 1200w, https:\/\/fernandezromacho.com\/wp-content\/uploads\/2024\/01\/Procedimiento-Penal-300x157.png 300w, https:\/\/fernandezromacho.com\/wp-content\/uploads\/2024\/01\/Procedimiento-Penal-1024x536.png 1024w, https:\/\/fernandezromacho.com\/wp-content\/uploads\/2024\/01\/Procedimiento-Penal-768x402.png 768w\" sizes=\"(max-width: 1200px) 100vw, 1200px\" \/>\t\t\t\t<\/a>\r\n\t\t\t\t\t\t\t\t\t\t<\/div>\r\n\t\t\t\t\t\t\t\t\t\t\t\t\t<div class=\"premium-blog-effect-container premium-blog-framed-effect\">\r\n\t\t\t\t\t\t\t\t<a class=\"premium-blog-post-link\" href=\"https:\/\/fernandezromacho.com\/index.php\/2024\/01\/02\/el-procedimiento-penal-en-espana-pasos-derechos-del-acusado-y-novedades-legislativas\/\" target=\"_blank\"><span>Procedimiento Penal: Pasos, Derechos del Acusado y Novedades Legislativas<\/span><\/a>\r\n\t\t\t\t\t\t\t\t\t\t\t\t\t\t\t<\/div>\r\n\t\t\t\t\t\t\t\t\t\t\t<\/div>\r\n\t\t\t\t\t\t\t\t\t\t\t\t<div class=\"premium-blog-content-wrapper \">\r\n\r\n\t\t\t\t\t<div class=\"premium-blog-inner-container\">\r\n\r\n\t\t\t\t\t\t\t\t\t\t\t\t\t\t<h2 class=\"premium-blog-entry-title\">\r\n\t\t\t<a href=\"https:\/\/fernandezromacho.com\/index.php\/2024\/01\/02\/el-procedimiento-penal-en-espana-pasos-derechos-del-acusado-y-novedades-legislativas\/\" target=\"_blank\">\r\n\t\t\t\tProcedimiento Penal: Pasos, Derechos del Acusado y Novedades Legislativas\t\t\t<\/a>\r\n\t\t<\/h2>\r\n\t\t\t\t<div class=\"premium-blog-entry-meta\">\r\n\t\t\t\r\n\t\t\t\t\t\t\t<span class=\"premium-blog-meta-separator\">\u2022<\/span>\r\n\t\t\t\t<div class=\"premium-blog-post-time premium-blog-meta-data\">\r\n\t\t\t\t\t<i class=\"fa fa-calendar-alt\" aria-hidden=\"true\"><\/i>\r\n\t\t\t\t\t<span>2 de enero de 2024<\/span>\r\n\t\t\t\t<\/div>\r\n\t\t\t\r\n\t\t\t\r\n\t\t\t\t\t<\/div>\r\n\t\t\r\n\t\t\t\t\t<\/div>\r\n\r\n\t\t\t\t\t\t\t<div class=\"premium-blog-content-inner-wrapper\">\r\n\t\t<p class=\"premium-blog-post-content\">El procedimiento penal en Espa\u00f1a es un proceso legal complejo que involucra una serie de pasos y garant\u00edas para todas las partes involucradas.<\/p>\t\t<\/div>\r\n\t\t\t\t\t\t\t\r\n\t\t\t\t<\/div>\r\n\t\t\t<\/div>\r\n\t\t<\/div>\r\n\r\n\t\t\t\t<div class=\"premium-blog-post-outer-container\" data-total=\"2\">\r\n\t\t\t<div class=\"premium-blog-post-container premium-blog-skin-modern\">\r\n\t\t\t\t\t\t\t\t\t<div class=\"premium-blog-thumb-effect-wrapper\">\r\n\t\t\t\t\t\t<div class=\"premium-blog-thumbnail-container premium-blog-zoomin-effect\">\r\n\t\t\t\t\t\t\t\t\t\t\t<a href=\"https:\/\/fernandezromacho.com\/index.php\/2024\/01\/02\/delitos-informaticos-legislacion-vigente-y-consejos-de-prevencion\/\" target=\"_blank\">\r\n\t\t\t\t<img loading=\"lazy\" decoding=\"async\" width=\"1200\" height=\"628\" src=\"https:\/\/fernandezromacho.com\/wp-content\/uploads\/2024\/01\/Delitos-Informaticos.png\" class=\"attachment-full size-full wp-image-1053\" alt=\"\" srcset=\"https:\/\/fernandezromacho.com\/wp-content\/uploads\/2024\/01\/Delitos-Informaticos.png 1200w, https:\/\/fernandezromacho.com\/wp-content\/uploads\/2024\/01\/Delitos-Informaticos-300x157.png 300w, https:\/\/fernandezromacho.com\/wp-content\/uploads\/2024\/01\/Delitos-Informaticos-1024x536.png 1024w, https:\/\/fernandezromacho.com\/wp-content\/uploads\/2024\/01\/Delitos-Informaticos-768x402.png 768w\" sizes=\"(max-width: 1200px) 100vw, 1200px\" \/>\t\t\t\t<\/a>\r\n\t\t\t\t\t\t\t\t\t\t<\/div>\r\n\t\t\t\t\t\t\t\t\t\t\t\t\t<div class=\"premium-blog-effect-container premium-blog-framed-effect\">\r\n\t\t\t\t\t\t\t\t<a class=\"premium-blog-post-link\" href=\"https:\/\/fernandezromacho.com\/index.php\/2024\/01\/02\/delitos-informaticos-legislacion-vigente-y-consejos-de-prevencion\/\" target=\"_blank\"><span>Delitos Inform\u00e1ticos: Legislaci\u00f3n Vigente y Consejos de Prevenci\u00f3n<\/span><\/a>\r\n\t\t\t\t\t\t\t\t\t\t\t\t\t\t\t<\/div>\r\n\t\t\t\t\t\t\t\t\t\t\t<\/div>\r\n\t\t\t\t\t\t\t\t\t\t\t\t<div class=\"premium-blog-content-wrapper \">\r\n\r\n\t\t\t\t\t<div class=\"premium-blog-inner-container\">\r\n\r\n\t\t\t\t\t\t\t\t\t\t\t\t\t\t<h2 class=\"premium-blog-entry-title\">\r\n\t\t\t<a href=\"https:\/\/fernandezromacho.com\/index.php\/2024\/01\/02\/delitos-informaticos-legislacion-vigente-y-consejos-de-prevencion\/\" target=\"_blank\">\r\n\t\t\t\tDelitos Inform\u00e1ticos: Legislaci\u00f3n Vigente y Consejos de Prevenci\u00f3n\t\t\t<\/a>\r\n\t\t<\/h2>\r\n\t\t\t\t<div class=\"premium-blog-entry-meta\">\r\n\t\t\t\r\n\t\t\t\t\t\t\t<span class=\"premium-blog-meta-separator\">\u2022<\/span>\r\n\t\t\t\t<div class=\"premium-blog-post-time premium-blog-meta-data\">\r\n\t\t\t\t\t<i class=\"fa fa-calendar-alt\" aria-hidden=\"true\"><\/i>\r\n\t\t\t\t\t<span>2 de enero de 2024<\/span>\r\n\t\t\t\t<\/div>\r\n\t\t\t\r\n\t\t\t\r\n\t\t\t\t\t<\/div>\r\n\t\t\r\n\t\t\t\t\t<\/div>\r\n\r\n\t\t\t\t\t\t\t<div class=\"premium-blog-content-inner-wrapper\">\r\n\t\t<p class=\"premium-blog-post-content\">En Espa\u00f1a, existen leyes espec\u00edficas para abordar estas conductas il\u00edcitas en el \u00e1mbito digital<\/p>\t\t<\/div>\r\n\t\t\t\t\t\t\t\r\n\t\t\t\t<\/div>\r\n\t\t\t<\/div>\r\n\t\t<\/div>\r\n\r\n\t\t\t\t<div class=\"premium-blog-post-outer-container\" data-total=\"2\">\r\n\t\t\t<div class=\"premium-blog-post-container premium-blog-skin-modern\">\r\n\t\t\t\t\t\t\t\t\t<div class=\"premium-blog-thumb-effect-wrapper\">\r\n\t\t\t\t\t\t<div class=\"premium-blog-thumbnail-container premium-blog-zoomin-effect\">\r\n\t\t\t\t\t\t\t\t\t\t\t<a href=\"https:\/\/fernandezromacho.com\/index.php\/2024\/01\/02\/arrendamientos-urbanos-derechos-y-obligaciones-del-arrendador-y-arrendatario\/\" target=\"_blank\">\r\n\t\t\t\t<img loading=\"lazy\" decoding=\"async\" width=\"1200\" height=\"628\" src=\"https:\/\/fernandezromacho.com\/wp-content\/uploads\/2024\/01\/Arrendamientos-Urbanos.png\" class=\"attachment-full size-full wp-image-1046\" alt=\"\" srcset=\"https:\/\/fernandezromacho.com\/wp-content\/uploads\/2024\/01\/Arrendamientos-Urbanos.png 1200w, https:\/\/fernandezromacho.com\/wp-content\/uploads\/2024\/01\/Arrendamientos-Urbanos-300x157.png 300w, https:\/\/fernandezromacho.com\/wp-content\/uploads\/2024\/01\/Arrendamientos-Urbanos-1024x536.png 1024w, https:\/\/fernandezromacho.com\/wp-content\/uploads\/2024\/01\/Arrendamientos-Urbanos-768x402.png 768w\" sizes=\"(max-width: 1200px) 100vw, 1200px\" \/>\t\t\t\t<\/a>\r\n\t\t\t\t\t\t\t\t\t\t<\/div>\r\n\t\t\t\t\t\t\t\t\t\t\t\t\t<div class=\"premium-blog-effect-container premium-blog-framed-effect\">\r\n\t\t\t\t\t\t\t\t<a class=\"premium-blog-post-link\" href=\"https:\/\/fernandezromacho.com\/index.php\/2024\/01\/02\/arrendamientos-urbanos-derechos-y-obligaciones-del-arrendador-y-arrendatario\/\" target=\"_blank\"><span>Arrendamientos Urbanos: Derechos y Obligaciones del Arrendador y Arrendatario<\/span><\/a>\r\n\t\t\t\t\t\t\t\t\t\t\t\t\t\t\t<\/div>\r\n\t\t\t\t\t\t\t\t\t\t\t<\/div>\r\n\t\t\t\t\t\t\t\t\t\t\t\t<div class=\"premium-blog-content-wrapper \">\r\n\r\n\t\t\t\t\t<div class=\"premium-blog-inner-container\">\r\n\r\n\t\t\t\t\t\t\t\t\t\t\t\t\t\t<h2 class=\"premium-blog-entry-title\">\r\n\t\t\t<a href=\"https:\/\/fernandezromacho.com\/index.php\/2024\/01\/02\/arrendamientos-urbanos-derechos-y-obligaciones-del-arrendador-y-arrendatario\/\" target=\"_blank\">\r\n\t\t\t\tArrendamientos Urbanos: Derechos y Obligaciones del Arrendador y Arrendatario\t\t\t<\/a>\r\n\t\t<\/h2>\r\n\t\t\t\t<div class=\"premium-blog-entry-meta\">\r\n\t\t\t\r\n\t\t\t\t\t\t\t<span class=\"premium-blog-meta-separator\">\u2022<\/span>\r\n\t\t\t\t<div class=\"premium-blog-post-time premium-blog-meta-data\">\r\n\t\t\t\t\t<i class=\"fa fa-calendar-alt\" aria-hidden=\"true\"><\/i>\r\n\t\t\t\t\t<span>2 de enero de 2024<\/span>\r\n\t\t\t\t<\/div>\r\n\t\t\t\r\n\t\t\t\r\n\t\t\t\t\t<\/div>\r\n\t\t\r\n\t\t\t\t\t<\/div>\r\n\r\n\t\t\t\t\t\t\t<div class=\"premium-blog-content-inner-wrapper\">\r\n\t\t<p class=\"premium-blog-post-content\">El mercado de arrendamientos urbanos es din\u00e1mico y est\u00e1 sujeto a normativas espec\u00edficas que regulan las relaciones entre arrendadores y arrendatarios.<\/p>\t\t<\/div>\r\n\t\t\t\t\t\t\t\r\n\t\t\t\t<\/div>\r\n\t\t\t<\/div>\r\n\t\t<\/div>\r\n\r\n\t\t\t\t<\/div>\n\n\t\t\t\t<div class=\"premium-blog-footer\">\n\t\t\t\t\t\t<nav class=\"premium-blog-pagination-container\" role=\"navigation\" aria-label=\"Paginaci\u00f3n\">\r\n\t\t\t\t<span aria-current=\"page\" class=\"page-numbers current\">1<\/span>\n<a class=\"page-numbers\" href=\"https:\/\/fernandezromacho.com\/index.php\/wp-json\/wp\/v2\/pages\/963\/page\/2\/\">2<\/a>\n<a class=\"next page-numbers\" href=\"https:\/\/fernandezromacho.com\/index.php\/wp-json\/wp\/v2\/pages\/963\/page\/2\/\">Siguiente \u00bb<\/a>\t\t\t<\/nav>\r\n\t\t\t\t\t<\/div>\n\t\t\t\t\t<\/div>\n\t\t\t\t<\/div>\n\t\t\t\t\t<\/div>\n\t\t\t\t<\/div>\n\t\t<div class=\"elementor-element elementor-element-d472113 elementor-hidden-desktop elementor-hidden-tablet e-flex e-con-boxed e-con e-parent\" data-id=\"d472113\" data-element_type=\"container\">\n\t\t\t\t\t<div class=\"e-con-inner\">\n\t\t\t\t<div class=\"elementor-element elementor-element-8d8e300 premium-blog-align-left elementor-widget elementor-widget-premium-addon-blog\" data-id=\"8d8e300\" data-element_type=\"widget\" data-settings=\"{&quot;force_height&quot;:&quot;true&quot;,&quot;premium_blog_columns_number&quot;:&quot;33.33%&quot;,&quot;premium_blog_grid&quot;:&quot;yes&quot;,&quot;premium_blog_layout&quot;:&quot;even&quot;,&quot;premium_blog_columns_number_tablet&quot;:&quot;50%&quot;,&quot;premium_blog_columns_number_mobile&quot;:&quot;100%&quot;,&quot;scroll_to_offset&quot;:&quot;yes&quot;}\" data-widget_type=\"premium-addon-blog.default\">\n\t\t\t\t<div class=\"elementor-widget-container\">\n\t\t\t\n\t\t\t\t<div class=\"premium-blog-wrap  premium-blog-even\" data-page=\"963\" data-pagination=\"true\">\n\t\t\t\t\t<div class=\"premium-blog-post-outer-container\" data-total=\"2\">\r\n\t\t\t<div class=\"premium-blog-post-container premium-blog-skin-modern\">\r\n\t\t\t\t\t\t\t\t\t<div class=\"premium-blog-thumb-effect-wrapper\">\r\n\t\t\t\t\t\t<div class=\"premium-blog-thumbnail-container premium-blog-zoomin-effect\">\r\n\t\t\t\t\t\t\t\t\t\t\t<a href=\"https:\/\/fernandezromacho.com\/index.php\/2024\/01\/02\/el-regimen-de-propiedad-horizontal\/\" target=\"_blank\">\r\n\t\t\t\t<img fetchpriority=\"high\" decoding=\"async\" width=\"1200\" height=\"628\" src=\"https:\/\/fernandezromacho.com\/wp-content\/uploads\/2024\/01\/Regimen-de-Propiedad-Horizontal.png\" class=\"attachment-full size-full wp-image-1103\" alt=\"\" srcset=\"https:\/\/fernandezromacho.com\/wp-content\/uploads\/2024\/01\/Regimen-de-Propiedad-Horizontal.png 1200w, https:\/\/fernandezromacho.com\/wp-content\/uploads\/2024\/01\/Regimen-de-Propiedad-Horizontal-300x157.png 300w, https:\/\/fernandezromacho.com\/wp-content\/uploads\/2024\/01\/Regimen-de-Propiedad-Horizontal-1024x536.png 1024w, https:\/\/fernandezromacho.com\/wp-content\/uploads\/2024\/01\/Regimen-de-Propiedad-Horizontal-768x402.png 768w\" sizes=\"(max-width: 1200px) 100vw, 1200px\" \/>\t\t\t\t<\/a>\r\n\t\t\t\t\t\t\t\t\t\t<\/div>\r\n\t\t\t\t\t\t\t\t\t\t\t\t\t<div class=\"premium-blog-effect-container premium-blog-framed-effect\">\r\n\t\t\t\t\t\t\t\t<a class=\"premium-blog-post-link\" href=\"https:\/\/fernandezromacho.com\/index.php\/2024\/01\/02\/el-regimen-de-propiedad-horizontal\/\" target=\"_blank\"><span>El R\u00e9gimen de Propiedad Horizontal<\/span><\/a>\r\n\t\t\t\t\t\t\t\t\t\t\t\t\t\t\t<\/div>\r\n\t\t\t\t\t\t\t\t\t\t\t<\/div>\r\n\t\t\t\t\t\t\t\t\t\t\t\t<div class=\"premium-blog-content-wrapper \">\r\n\r\n\t\t\t\t\t<div class=\"premium-blog-inner-container\">\r\n\r\n\t\t\t\t\t\t\t\t\t\t\t\t\t\t<h2 class=\"premium-blog-entry-title\">\r\n\t\t\t<a href=\"https:\/\/fernandezromacho.com\/index.php\/2024\/01\/02\/el-regimen-de-propiedad-horizontal\/\" target=\"_blank\">\r\n\t\t\t\tEl R\u00e9gimen de Propiedad Horizontal\t\t\t<\/a>\r\n\t\t<\/h2>\r\n\t\t\t\t<div class=\"premium-blog-entry-meta\">\r\n\t\t\t\r\n\t\t\t\t\t\t\t<span class=\"premium-blog-meta-separator\">\u2022<\/span>\r\n\t\t\t\t<div class=\"premium-blog-post-time premium-blog-meta-data\">\r\n\t\t\t\t\t<i class=\"fa fa-calendar-alt\" aria-hidden=\"true\"><\/i>\r\n\t\t\t\t\t<span>2 de enero de 2024<\/span>\r\n\t\t\t\t<\/div>\r\n\t\t\t\r\n\t\t\t\r\n\t\t\t\t\t<\/div>\r\n\t\t\r\n\t\t\t\t\t<\/div>\r\n\r\n\t\t\t\t\t\t\t<div class=\"premium-blog-content-inner-wrapper premium-blog-content-inner-wrapper\">\r\n\t\t<p class=\"premium-blog-post-content\">El r\u00e9gimen de propiedad horizontal regula la convivencia en comunidades de propietarios en Espa\u00f1a.<\/p>\t\t<\/div>\r\n\t\t\t\t\t\t\t\r\n\t\t\t\t<\/div>\r\n\t\t\t<\/div>\r\n\t\t<\/div>\r\n\r\n\t\t\t\t<div class=\"premium-blog-post-outer-container\" data-total=\"2\">\r\n\t\t\t<div class=\"premium-blog-post-container premium-blog-skin-modern\">\r\n\t\t\t\t\t\t\t\t\t<div class=\"premium-blog-thumb-effect-wrapper\">\r\n\t\t\t\t\t\t<div class=\"premium-blog-thumbnail-container premium-blog-zoomin-effect\">\r\n\t\t\t\t\t\t\t\t\t\t\t<a href=\"https:\/\/fernandezromacho.com\/index.php\/2024\/01\/02\/responsabilidad-civil-y-penal-de-los-administradores-de-empresas\/\" target=\"_blank\">\r\n\t\t\t\t<img decoding=\"async\" width=\"1200\" height=\"628\" src=\"https:\/\/fernandezromacho.com\/wp-content\/uploads\/2024\/01\/Responsabilidad-Civil.png\" class=\"attachment-full size-full wp-image-1096\" alt=\"\" srcset=\"https:\/\/fernandezromacho.com\/wp-content\/uploads\/2024\/01\/Responsabilidad-Civil.png 1200w, https:\/\/fernandezromacho.com\/wp-content\/uploads\/2024\/01\/Responsabilidad-Civil-300x157.png 300w, https:\/\/fernandezromacho.com\/wp-content\/uploads\/2024\/01\/Responsabilidad-Civil-1024x536.png 1024w, https:\/\/fernandezromacho.com\/wp-content\/uploads\/2024\/01\/Responsabilidad-Civil-768x402.png 768w\" sizes=\"(max-width: 1200px) 100vw, 1200px\" \/>\t\t\t\t<\/a>\r\n\t\t\t\t\t\t\t\t\t\t<\/div>\r\n\t\t\t\t\t\t\t\t\t\t\t\t\t<div class=\"premium-blog-effect-container premium-blog-framed-effect\">\r\n\t\t\t\t\t\t\t\t<a class=\"premium-blog-post-link\" href=\"https:\/\/fernandezromacho.com\/index.php\/2024\/01\/02\/responsabilidad-civil-y-penal-de-los-administradores-de-empresas\/\" target=\"_blank\"><span>Responsabilidad Civil y Penal de los Administradores de Empresas<\/span><\/a>\r\n\t\t\t\t\t\t\t\t\t\t\t\t\t\t\t<\/div>\r\n\t\t\t\t\t\t\t\t\t\t\t<\/div>\r\n\t\t\t\t\t\t\t\t\t\t\t\t<div class=\"premium-blog-content-wrapper \">\r\n\r\n\t\t\t\t\t<div class=\"premium-blog-inner-container\">\r\n\r\n\t\t\t\t\t\t\t\t\t\t\t\t\t\t<h2 class=\"premium-blog-entry-title\">\r\n\t\t\t<a href=\"https:\/\/fernandezromacho.com\/index.php\/2024\/01\/02\/responsabilidad-civil-y-penal-de-los-administradores-de-empresas\/\" target=\"_blank\">\r\n\t\t\t\tResponsabilidad Civil y Penal de los Administradores de Empresas\t\t\t<\/a>\r\n\t\t<\/h2>\r\n\t\t\t\t<div class=\"premium-blog-entry-meta\">\r\n\t\t\t\r\n\t\t\t\t\t\t\t<span class=\"premium-blog-meta-separator\">\u2022<\/span>\r\n\t\t\t\t<div class=\"premium-blog-post-time premium-blog-meta-data\">\r\n\t\t\t\t\t<i class=\"fa fa-calendar-alt\" aria-hidden=\"true\"><\/i>\r\n\t\t\t\t\t<span>2 de enero de 2024<\/span>\r\n\t\t\t\t<\/div>\r\n\t\t\t\r\n\t\t\t\r\n\t\t\t\t\t<\/div>\r\n\t\t\r\n\t\t\t\t\t<\/div>\r\n\r\n\t\t\t\t\t\t\t<div class=\"premium-blog-content-inner-wrapper premium-blog-content-inner-wrapper\">\r\n\t\t<p class=\"premium-blog-post-content\">Los administradores de empresas tienen responsabilidades legales significativas en Espa\u00f1a.<\/p>\t\t<\/div>\r\n\t\t\t\t\t\t\t\r\n\t\t\t\t<\/div>\r\n\t\t\t<\/div>\r\n\t\t<\/div>\r\n\r\n\t\t\t\t<div class=\"premium-blog-post-outer-container\" data-total=\"2\">\r\n\t\t\t<div class=\"premium-blog-post-container premium-blog-skin-modern\">\r\n\t\t\t\t\t\t\t\t\t<div class=\"premium-blog-thumb-effect-wrapper\">\r\n\t\t\t\t\t\t<div class=\"premium-blog-thumbnail-container premium-blog-zoomin-effect\">\r\n\t\t\t\t\t\t\t\t\t\t\t<a href=\"https:\/\/fernandezromacho.com\/index.php\/2024\/01\/02\/el-arbitraje-procedimientos-ventajas-y-aplicaciones-practicas\/\" target=\"_blank\">\r\n\t\t\t\t<img decoding=\"async\" width=\"1200\" height=\"628\" src=\"https:\/\/fernandezromacho.com\/wp-content\/uploads\/2024\/01\/El-Arbitraje.png\" class=\"attachment-full size-full wp-image-1089\" alt=\"\" srcset=\"https:\/\/fernandezromacho.com\/wp-content\/uploads\/2024\/01\/El-Arbitraje.png 1200w, https:\/\/fernandezromacho.com\/wp-content\/uploads\/2024\/01\/El-Arbitraje-300x157.png 300w, https:\/\/fernandezromacho.com\/wp-content\/uploads\/2024\/01\/El-Arbitraje-1024x536.png 1024w, https:\/\/fernandezromacho.com\/wp-content\/uploads\/2024\/01\/El-Arbitraje-768x402.png 768w\" sizes=\"(max-width: 1200px) 100vw, 1200px\" \/>\t\t\t\t<\/a>\r\n\t\t\t\t\t\t\t\t\t\t<\/div>\r\n\t\t\t\t\t\t\t\t\t\t\t\t\t<div class=\"premium-blog-effect-container premium-blog-framed-effect\">\r\n\t\t\t\t\t\t\t\t<a class=\"premium-blog-post-link\" href=\"https:\/\/fernandezromacho.com\/index.php\/2024\/01\/02\/el-arbitraje-procedimientos-ventajas-y-aplicaciones-practicas\/\" target=\"_blank\"><span>El Arbitraje: Procedimientos, Ventajas y Aplicaciones Pr\u00e1cticas<\/span><\/a>\r\n\t\t\t\t\t\t\t\t\t\t\t\t\t\t\t<\/div>\r\n\t\t\t\t\t\t\t\t\t\t\t<\/div>\r\n\t\t\t\t\t\t\t\t\t\t\t\t<div class=\"premium-blog-content-wrapper \">\r\n\r\n\t\t\t\t\t<div class=\"premium-blog-inner-container\">\r\n\r\n\t\t\t\t\t\t\t\t\t\t\t\t\t\t<h2 class=\"premium-blog-entry-title\">\r\n\t\t\t<a href=\"https:\/\/fernandezromacho.com\/index.php\/2024\/01\/02\/el-arbitraje-procedimientos-ventajas-y-aplicaciones-practicas\/\" target=\"_blank\">\r\n\t\t\t\tEl Arbitraje: Procedimientos, Ventajas y Aplicaciones Pr\u00e1cticas\t\t\t<\/a>\r\n\t\t<\/h2>\r\n\t\t\t\t<div class=\"premium-blog-entry-meta\">\r\n\t\t\t\r\n\t\t\t\t\t\t\t<span class=\"premium-blog-meta-separator\">\u2022<\/span>\r\n\t\t\t\t<div class=\"premium-blog-post-time premium-blog-meta-data\">\r\n\t\t\t\t\t<i class=\"fa fa-calendar-alt\" aria-hidden=\"true\"><\/i>\r\n\t\t\t\t\t<span>2 de enero de 2024<\/span>\r\n\t\t\t\t<\/div>\r\n\t\t\t\r\n\t\t\t\r\n\t\t\t\t\t<\/div>\r\n\t\t\r\n\t\t\t\t\t<\/div>\r\n\r\n\t\t\t\t\t\t\t<div class=\"premium-blog-content-inner-wrapper premium-blog-content-inner-wrapper\">\r\n\t\t<p class=\"premium-blog-post-content\">El arbitraje es un m\u00e9todo alternativo de resoluci\u00f3n de conflictos que gana cada vez m\u00e1s relevancia en Espa\u00f1a.<\/p>\t\t<\/div>\r\n\t\t\t\t\t\t\t\r\n\t\t\t\t<\/div>\r\n\t\t\t<\/div>\r\n\t\t<\/div>\r\n\r\n\t\t\t\t<div class=\"premium-blog-post-outer-container\" data-total=\"2\">\r\n\t\t\t<div class=\"premium-blog-post-container premium-blog-skin-modern\">\r\n\t\t\t\t\t\t\t\t\t<div class=\"premium-blog-thumb-effect-wrapper\">\r\n\t\t\t\t\t\t<div class=\"premium-blog-thumbnail-container premium-blog-zoomin-effect\">\r\n\t\t\t\t\t\t\t\t\t\t\t<a href=\"https:\/\/fernandezromacho.com\/index.php\/2024\/01\/02\/proceso-de-divorcio-requisitos-procedimientos-y-derechos\/\" target=\"_blank\">\r\n\t\t\t\t<img loading=\"lazy\" decoding=\"async\" width=\"1200\" height=\"628\" src=\"https:\/\/fernandezromacho.com\/wp-content\/uploads\/2024\/01\/Proceso-Divorcio.png\" class=\"attachment-full size-full wp-image-1082\" alt=\"\" srcset=\"https:\/\/fernandezromacho.com\/wp-content\/uploads\/2024\/01\/Proceso-Divorcio.png 1200w, https:\/\/fernandezromacho.com\/wp-content\/uploads\/2024\/01\/Proceso-Divorcio-300x157.png 300w, https:\/\/fernandezromacho.com\/wp-content\/uploads\/2024\/01\/Proceso-Divorcio-1024x536.png 1024w, https:\/\/fernandezromacho.com\/wp-content\/uploads\/2024\/01\/Proceso-Divorcio-768x402.png 768w\" sizes=\"(max-width: 1200px) 100vw, 1200px\" \/>\t\t\t\t<\/a>\r\n\t\t\t\t\t\t\t\t\t\t<\/div>\r\n\t\t\t\t\t\t\t\t\t\t\t\t\t<div class=\"premium-blog-effect-container premium-blog-framed-effect\">\r\n\t\t\t\t\t\t\t\t<a class=\"premium-blog-post-link\" href=\"https:\/\/fernandezromacho.com\/index.php\/2024\/01\/02\/proceso-de-divorcio-requisitos-procedimientos-y-derechos\/\" target=\"_blank\"><span>Proceso de Divorcio: Requisitos, Procedimientos y Derechos<\/span><\/a>\r\n\t\t\t\t\t\t\t\t\t\t\t\t\t\t\t<\/div>\r\n\t\t\t\t\t\t\t\t\t\t\t<\/div>\r\n\t\t\t\t\t\t\t\t\t\t\t\t<div class=\"premium-blog-content-wrapper \">\r\n\r\n\t\t\t\t\t<div class=\"premium-blog-inner-container\">\r\n\r\n\t\t\t\t\t\t\t\t\t\t\t\t\t\t<h2 class=\"premium-blog-entry-title\">\r\n\t\t\t<a href=\"https:\/\/fernandezromacho.com\/index.php\/2024\/01\/02\/proceso-de-divorcio-requisitos-procedimientos-y-derechos\/\" target=\"_blank\">\r\n\t\t\t\tProceso de Divorcio: Requisitos, Procedimientos y Derechos\t\t\t<\/a>\r\n\t\t<\/h2>\r\n\t\t\t\t<div class=\"premium-blog-entry-meta\">\r\n\t\t\t\r\n\t\t\t\t\t\t\t<span class=\"premium-blog-meta-separator\">\u2022<\/span>\r\n\t\t\t\t<div class=\"premium-blog-post-time premium-blog-meta-data\">\r\n\t\t\t\t\t<i class=\"fa fa-calendar-alt\" aria-hidden=\"true\"><\/i>\r\n\t\t\t\t\t<span>2 de enero de 2024<\/span>\r\n\t\t\t\t<\/div>\r\n\t\t\t\r\n\t\t\t\r\n\t\t\t\t\t<\/div>\r\n\t\t\r\n\t\t\t\t\t<\/div>\r\n\r\n\t\t\t\t\t\t\t<div class=\"premium-blog-content-inner-wrapper premium-blog-content-inner-wrapper\">\r\n\t\t<p class=\"premium-blog-post-content\">El proceso de divorcio es una etapa legal compleja que requiere comprensi\u00f3n y orientaci\u00f3n.<\/p>\t\t<\/div>\r\n\t\t\t\t\t\t\t\r\n\t\t\t\t<\/div>\r\n\t\t\t<\/div>\r\n\t\t<\/div>\r\n\r\n\t\t\t\t<div class=\"premium-blog-post-outer-container\" data-total=\"2\">\r\n\t\t\t<div class=\"premium-blog-post-container premium-blog-skin-modern\">\r\n\t\t\t\t\t\t\t\t\t<div class=\"premium-blog-thumb-effect-wrapper\">\r\n\t\t\t\t\t\t<div class=\"premium-blog-thumbnail-container premium-blog-zoomin-effect\">\r\n\t\t\t\t\t\t\t\t\t\t\t<a href=\"https:\/\/fernandezromacho.com\/index.php\/2024\/01\/02\/como-constituir-una-sociedad-limitada\/\" target=\"_blank\">\r\n\t\t\t\t<img loading=\"lazy\" decoding=\"async\" width=\"1200\" height=\"628\" src=\"https:\/\/fernandezromacho.com\/wp-content\/uploads\/2024\/01\/Constituir-Sociedad-Limitada-1.png\" class=\"attachment-full size-full wp-image-1075\" alt=\"\" srcset=\"https:\/\/fernandezromacho.com\/wp-content\/uploads\/2024\/01\/Constituir-Sociedad-Limitada-1.png 1200w, https:\/\/fernandezromacho.com\/wp-content\/uploads\/2024\/01\/Constituir-Sociedad-Limitada-1-300x157.png 300w, https:\/\/fernandezromacho.com\/wp-content\/uploads\/2024\/01\/Constituir-Sociedad-Limitada-1-1024x536.png 1024w, https:\/\/fernandezromacho.com\/wp-content\/uploads\/2024\/01\/Constituir-Sociedad-Limitada-1-768x402.png 768w\" sizes=\"(max-width: 1200px) 100vw, 1200px\" \/>\t\t\t\t<\/a>\r\n\t\t\t\t\t\t\t\t\t\t<\/div>\r\n\t\t\t\t\t\t\t\t\t\t\t\t\t<div class=\"premium-blog-effect-container premium-blog-framed-effect\">\r\n\t\t\t\t\t\t\t\t<a class=\"premium-blog-post-link\" href=\"https:\/\/fernandezromacho.com\/index.php\/2024\/01\/02\/como-constituir-una-sociedad-limitada\/\" target=\"_blank\"><span>\u00bfC\u00f3mo Constituir una Sociedad Limitada?<\/span><\/a>\r\n\t\t\t\t\t\t\t\t\t\t\t\t\t\t\t<\/div>\r\n\t\t\t\t\t\t\t\t\t\t\t<\/div>\r\n\t\t\t\t\t\t\t\t\t\t\t\t<div class=\"premium-blog-content-wrapper \">\r\n\r\n\t\t\t\t\t<div class=\"premium-blog-inner-container\">\r\n\r\n\t\t\t\t\t\t\t\t\t\t\t\t\t\t<h2 class=\"premium-blog-entry-title\">\r\n\t\t\t<a href=\"https:\/\/fernandezromacho.com\/index.php\/2024\/01\/02\/como-constituir-una-sociedad-limitada\/\" target=\"_blank\">\r\n\t\t\t\t\u00bfC\u00f3mo Constituir una Sociedad Limitada?\t\t\t<\/a>\r\n\t\t<\/h2>\r\n\t\t\t\t<div class=\"premium-blog-entry-meta\">\r\n\t\t\t\r\n\t\t\t\t\t\t\t<span class=\"premium-blog-meta-separator\">\u2022<\/span>\r\n\t\t\t\t<div class=\"premium-blog-post-time premium-blog-meta-data\">\r\n\t\t\t\t\t<i class=\"fa fa-calendar-alt\" aria-hidden=\"true\"><\/i>\r\n\t\t\t\t\t<span>2 de enero de 2024<\/span>\r\n\t\t\t\t<\/div>\r\n\t\t\t\r\n\t\t\t\r\n\t\t\t\t\t<\/div>\r\n\t\t\r\n\t\t\t\t\t<\/div>\r\n\r\n\t\t\t\t\t\t\t<div class=\"premium-blog-content-inner-wrapper premium-blog-content-inner-wrapper\">\r\n\t\t<p class=\"premium-blog-post-content\">Constituir una Sociedad Limitada (SL) en Espa\u00f1a es un proceso crucial para quienes desean emprender.<\/p>\t\t<\/div>\r\n\t\t\t\t\t\t\t\r\n\t\t\t\t<\/div>\r\n\t\t\t<\/div>\r\n\t\t<\/div>\r\n\r\n\t\t\t\t<div class=\"premium-blog-post-outer-container\" data-total=\"2\">\r\n\t\t\t<div class=\"premium-blog-post-container premium-blog-skin-modern\">\r\n\t\t\t\t\t\t\t\t\t<div class=\"premium-blog-thumb-effect-wrapper\">\r\n\t\t\t\t\t\t<div class=\"premium-blog-thumbnail-container premium-blog-zoomin-effect\">\r\n\t\t\t\t\t\t\t\t\t\t\t<a href=\"https:\/\/fernandezromacho.com\/index.php\/2024\/01\/02\/los-derechos-del-trabajador-claves-y-actualizaciones-legales\/\" target=\"_blank\">\r\n\t\t\t\t<img loading=\"lazy\" decoding=\"async\" width=\"1200\" height=\"628\" src=\"https:\/\/fernandezromacho.com\/wp-content\/uploads\/2024\/01\/Derechos-del-Trabajador.png\" class=\"attachment-full size-full wp-image-1067\" alt=\"\" srcset=\"https:\/\/fernandezromacho.com\/wp-content\/uploads\/2024\/01\/Derechos-del-Trabajador.png 1200w, https:\/\/fernandezromacho.com\/wp-content\/uploads\/2024\/01\/Derechos-del-Trabajador-300x157.png 300w, https:\/\/fernandezromacho.com\/wp-content\/uploads\/2024\/01\/Derechos-del-Trabajador-1024x536.png 1024w, https:\/\/fernandezromacho.com\/wp-content\/uploads\/2024\/01\/Derechos-del-Trabajador-768x402.png 768w\" sizes=\"(max-width: 1200px) 100vw, 1200px\" \/>\t\t\t\t<\/a>\r\n\t\t\t\t\t\t\t\t\t\t<\/div>\r\n\t\t\t\t\t\t\t\t\t\t\t\t\t<div class=\"premium-blog-effect-container premium-blog-framed-effect\">\r\n\t\t\t\t\t\t\t\t<a class=\"premium-blog-post-link\" href=\"https:\/\/fernandezromacho.com\/index.php\/2024\/01\/02\/los-derechos-del-trabajador-claves-y-actualizaciones-legales\/\" target=\"_blank\"><span>Los Derechos del Trabajador: Claves y Actualizaciones Legales<\/span><\/a>\r\n\t\t\t\t\t\t\t\t\t\t\t\t\t\t\t<\/div>\r\n\t\t\t\t\t\t\t\t\t\t\t<\/div>\r\n\t\t\t\t\t\t\t\t\t\t\t\t<div class=\"premium-blog-content-wrapper \">\r\n\r\n\t\t\t\t\t<div class=\"premium-blog-inner-container\">\r\n\r\n\t\t\t\t\t\t\t\t\t\t\t\t\t\t<h2 class=\"premium-blog-entry-title\">\r\n\t\t\t<a href=\"https:\/\/fernandezromacho.com\/index.php\/2024\/01\/02\/los-derechos-del-trabajador-claves-y-actualizaciones-legales\/\" target=\"_blank\">\r\n\t\t\t\tLos Derechos del Trabajador: Claves y Actualizaciones Legales\t\t\t<\/a>\r\n\t\t<\/h2>\r\n\t\t\t\t<div class=\"premium-blog-entry-meta\">\r\n\t\t\t\r\n\t\t\t\t\t\t\t<span class=\"premium-blog-meta-separator\">\u2022<\/span>\r\n\t\t\t\t<div class=\"premium-blog-post-time premium-blog-meta-data\">\r\n\t\t\t\t\t<i class=\"fa fa-calendar-alt\" aria-hidden=\"true\"><\/i>\r\n\t\t\t\t\t<span>2 de enero de 2024<\/span>\r\n\t\t\t\t<\/div>\r\n\t\t\t\r\n\t\t\t\r\n\t\t\t\t\t<\/div>\r\n\t\t\r\n\t\t\t\t\t<\/div>\r\n\r\n\t\t\t\t\t\t\t<div class=\"premium-blog-content-inner-wrapper premium-blog-content-inner-wrapper\">\r\n\t\t<p class=\"premium-blog-post-content\">Los derechos laborales son fundamentales en el contexto laboral espa\u00f1ol y han evolucionado con el tiempo para adaptarse a nuevas realidades.<\/p>\t\t<\/div>\r\n\t\t\t\t\t\t\t\r\n\t\t\t\t<\/div>\r\n\t\t\t<\/div>\r\n\t\t<\/div>\r\n\r\n\t\t\t\t<div class=\"premium-blog-post-outer-container\" data-total=\"2\">\r\n\t\t\t<div class=\"premium-blog-post-container premium-blog-skin-modern\">\r\n\t\t\t\t\t\t\t\t\t<div class=\"premium-blog-thumb-effect-wrapper\">\r\n\t\t\t\t\t\t<div class=\"premium-blog-thumbnail-container premium-blog-zoomin-effect\">\r\n\t\t\t\t\t\t\t\t\t\t\t<a href=\"https:\/\/fernandezromacho.com\/index.php\/2024\/01\/02\/el-procedimiento-penal-en-espana-pasos-derechos-del-acusado-y-novedades-legislativas\/\" target=\"_blank\">\r\n\t\t\t\t<img loading=\"lazy\" decoding=\"async\" width=\"1200\" height=\"628\" src=\"https:\/\/fernandezromacho.com\/wp-content\/uploads\/2024\/01\/Procedimiento-Penal.png\" class=\"attachment-full size-full wp-image-1060\" alt=\"\" srcset=\"https:\/\/fernandezromacho.com\/wp-content\/uploads\/2024\/01\/Procedimiento-Penal.png 1200w, https:\/\/fernandezromacho.com\/wp-content\/uploads\/2024\/01\/Procedimiento-Penal-300x157.png 300w, https:\/\/fernandezromacho.com\/wp-content\/uploads\/2024\/01\/Procedimiento-Penal-1024x536.png 1024w, https:\/\/fernandezromacho.com\/wp-content\/uploads\/2024\/01\/Procedimiento-Penal-768x402.png 768w\" sizes=\"(max-width: 1200px) 100vw, 1200px\" \/>\t\t\t\t<\/a>\r\n\t\t\t\t\t\t\t\t\t\t<\/div>\r\n\t\t\t\t\t\t\t\t\t\t\t\t\t<div class=\"premium-blog-effect-container premium-blog-framed-effect\">\r\n\t\t\t\t\t\t\t\t<a class=\"premium-blog-post-link\" href=\"https:\/\/fernandezromacho.com\/index.php\/2024\/01\/02\/el-procedimiento-penal-en-espana-pasos-derechos-del-acusado-y-novedades-legislativas\/\" target=\"_blank\"><span>Procedimiento Penal: Pasos, Derechos del Acusado y Novedades Legislativas<\/span><\/a>\r\n\t\t\t\t\t\t\t\t\t\t\t\t\t\t\t<\/div>\r\n\t\t\t\t\t\t\t\t\t\t\t<\/div>\r\n\t\t\t\t\t\t\t\t\t\t\t\t<div class=\"premium-blog-content-wrapper \">\r\n\r\n\t\t\t\t\t<div class=\"premium-blog-inner-container\">\r\n\r\n\t\t\t\t\t\t\t\t\t\t\t\t\t\t<h2 class=\"premium-blog-entry-title\">\r\n\t\t\t<a href=\"https:\/\/fernandezromacho.com\/index.php\/2024\/01\/02\/el-procedimiento-penal-en-espana-pasos-derechos-del-acusado-y-novedades-legislativas\/\" target=\"_blank\">\r\n\t\t\t\tProcedimiento Penal: Pasos, Derechos del Acusado y Novedades Legislativas\t\t\t<\/a>\r\n\t\t<\/h2>\r\n\t\t\t\t<div class=\"premium-blog-entry-meta\">\r\n\t\t\t\r\n\t\t\t\t\t\t\t<span class=\"premium-blog-meta-separator\">\u2022<\/span>\r\n\t\t\t\t<div class=\"premium-blog-post-time premium-blog-meta-data\">\r\n\t\t\t\t\t<i class=\"fa fa-calendar-alt\" aria-hidden=\"true\"><\/i>\r\n\t\t\t\t\t<span>2 de enero de 2024<\/span>\r\n\t\t\t\t<\/div>\r\n\t\t\t\r\n\t\t\t\r\n\t\t\t\t\t<\/div>\r\n\t\t\r\n\t\t\t\t\t<\/div>\r\n\r\n\t\t\t\t\t\t\t<div class=\"premium-blog-content-inner-wrapper premium-blog-content-inner-wrapper\">\r\n\t\t<p class=\"premium-blog-post-content\">El procedimiento penal en Espa\u00f1a es un proceso legal complejo que involucra una serie de pasos y garant\u00edas para todas las partes involucradas.<\/p>\t\t<\/div>\r\n\t\t\t\t\t\t\t\r\n\t\t\t\t<\/div>\r\n\t\t\t<\/div>\r\n\t\t<\/div>\r\n\r\n\t\t\t\t<div class=\"premium-blog-post-outer-container\" data-total=\"2\">\r\n\t\t\t<div class=\"premium-blog-post-container premium-blog-skin-modern\">\r\n\t\t\t\t\t\t\t\t\t<div class=\"premium-blog-thumb-effect-wrapper\">\r\n\t\t\t\t\t\t<div class=\"premium-blog-thumbnail-container premium-blog-zoomin-effect\">\r\n\t\t\t\t\t\t\t\t\t\t\t<a href=\"https:\/\/fernandezromacho.com\/index.php\/2024\/01\/02\/delitos-informaticos-legislacion-vigente-y-consejos-de-prevencion\/\" target=\"_blank\">\r\n\t\t\t\t<img loading=\"lazy\" decoding=\"async\" width=\"1200\" height=\"628\" src=\"https:\/\/fernandezromacho.com\/wp-content\/uploads\/2024\/01\/Delitos-Informaticos.png\" class=\"attachment-full size-full wp-image-1053\" alt=\"\" srcset=\"https:\/\/fernandezromacho.com\/wp-content\/uploads\/2024\/01\/Delitos-Informaticos.png 1200w, https:\/\/fernandezromacho.com\/wp-content\/uploads\/2024\/01\/Delitos-Informaticos-300x157.png 300w, https:\/\/fernandezromacho.com\/wp-content\/uploads\/2024\/01\/Delitos-Informaticos-1024x536.png 1024w, https:\/\/fernandezromacho.com\/wp-content\/uploads\/2024\/01\/Delitos-Informaticos-768x402.png 768w\" sizes=\"(max-width: 1200px) 100vw, 1200px\" \/>\t\t\t\t<\/a>\r\n\t\t\t\t\t\t\t\t\t\t<\/div>\r\n\t\t\t\t\t\t\t\t\t\t\t\t\t<div class=\"premium-blog-effect-container premium-blog-framed-effect\">\r\n\t\t\t\t\t\t\t\t<a class=\"premium-blog-post-link\" href=\"https:\/\/fernandezromacho.com\/index.php\/2024\/01\/02\/delitos-informaticos-legislacion-vigente-y-consejos-de-prevencion\/\" target=\"_blank\"><span>Delitos Inform\u00e1ticos: Legislaci\u00f3n Vigente y Consejos de Prevenci\u00f3n<\/span><\/a>\r\n\t\t\t\t\t\t\t\t\t\t\t\t\t\t\t<\/div>\r\n\t\t\t\t\t\t\t\t\t\t\t<\/div>\r\n\t\t\t\t\t\t\t\t\t\t\t\t<div class=\"premium-blog-content-wrapper \">\r\n\r\n\t\t\t\t\t<div class=\"premium-blog-inner-container\">\r\n\r\n\t\t\t\t\t\t\t\t\t\t\t\t\t\t<h2 class=\"premium-blog-entry-title\">\r\n\t\t\t<a href=\"https:\/\/fernandezromacho.com\/index.php\/2024\/01\/02\/delitos-informaticos-legislacion-vigente-y-consejos-de-prevencion\/\" target=\"_blank\">\r\n\t\t\t\tDelitos Inform\u00e1ticos: Legislaci\u00f3n Vigente y Consejos de Prevenci\u00f3n\t\t\t<\/a>\r\n\t\t<\/h2>\r\n\t\t\t\t<div class=\"premium-blog-entry-meta\">\r\n\t\t\t\r\n\t\t\t\t\t\t\t<span class=\"premium-blog-meta-separator\">\u2022<\/span>\r\n\t\t\t\t<div class=\"premium-blog-post-time premium-blog-meta-data\">\r\n\t\t\t\t\t<i class=\"fa fa-calendar-alt\" aria-hidden=\"true\"><\/i>\r\n\t\t\t\t\t<span>2 de enero de 2024<\/span>\r\n\t\t\t\t<\/div>\r\n\t\t\t\r\n\t\t\t\r\n\t\t\t\t\t<\/div>\r\n\t\t\r\n\t\t\t\t\t<\/div>\r\n\r\n\t\t\t\t\t\t\t<div class=\"premium-blog-content-inner-wrapper premium-blog-content-inner-wrapper\">\r\n\t\t<p class=\"premium-blog-post-content\">En Espa\u00f1a, existen leyes espec\u00edficas para abordar estas conductas il\u00edcitas en el \u00e1mbito digital<\/p>\t\t<\/div>\r\n\t\t\t\t\t\t\t\r\n\t\t\t\t<\/div>\r\n\t\t\t<\/div>\r\n\t\t<\/div>\r\n\r\n\t\t\t\t<div class=\"premium-blog-post-outer-container\" data-total=\"2\">\r\n\t\t\t<div class=\"premium-blog-post-container premium-blog-skin-modern\">\r\n\t\t\t\t\t\t\t\t\t<div class=\"premium-blog-thumb-effect-wrapper\">\r\n\t\t\t\t\t\t<div class=\"premium-blog-thumbnail-container premium-blog-zoomin-effect\">\r\n\t\t\t\t\t\t\t\t\t\t\t<a href=\"https:\/\/fernandezromacho.com\/index.php\/2024\/01\/02\/arrendamientos-urbanos-derechos-y-obligaciones-del-arrendador-y-arrendatario\/\" target=\"_blank\">\r\n\t\t\t\t<img loading=\"lazy\" decoding=\"async\" width=\"1200\" height=\"628\" src=\"https:\/\/fernandezromacho.com\/wp-content\/uploads\/2024\/01\/Arrendamientos-Urbanos.png\" class=\"attachment-full size-full wp-image-1046\" alt=\"\" srcset=\"https:\/\/fernandezromacho.com\/wp-content\/uploads\/2024\/01\/Arrendamientos-Urbanos.png 1200w, https:\/\/fernandezromacho.com\/wp-content\/uploads\/2024\/01\/Arrendamientos-Urbanos-300x157.png 300w, https:\/\/fernandezromacho.com\/wp-content\/uploads\/2024\/01\/Arrendamientos-Urbanos-1024x536.png 1024w, https:\/\/fernandezromacho.com\/wp-content\/uploads\/2024\/01\/Arrendamientos-Urbanos-768x402.png 768w\" sizes=\"(max-width: 1200px) 100vw, 1200px\" \/>\t\t\t\t<\/a>\r\n\t\t\t\t\t\t\t\t\t\t<\/div>\r\n\t\t\t\t\t\t\t\t\t\t\t\t\t<div class=\"premium-blog-effect-container premium-blog-framed-effect\">\r\n\t\t\t\t\t\t\t\t<a class=\"premium-blog-post-link\" href=\"https:\/\/fernandezromacho.com\/index.php\/2024\/01\/02\/arrendamientos-urbanos-derechos-y-obligaciones-del-arrendador-y-arrendatario\/\" target=\"_blank\"><span>Arrendamientos Urbanos: Derechos y Obligaciones del Arrendador y Arrendatario<\/span><\/a>\r\n\t\t\t\t\t\t\t\t\t\t\t\t\t\t\t<\/div>\r\n\t\t\t\t\t\t\t\t\t\t\t<\/div>\r\n\t\t\t\t\t\t\t\t\t\t\t\t<div class=\"premium-blog-content-wrapper \">\r\n\r\n\t\t\t\t\t<div class=\"premium-blog-inner-container\">\r\n\r\n\t\t\t\t\t\t\t\t\t\t\t\t\t\t<h2 class=\"premium-blog-entry-title\">\r\n\t\t\t<a href=\"https:\/\/fernandezromacho.com\/index.php\/2024\/01\/02\/arrendamientos-urbanos-derechos-y-obligaciones-del-arrendador-y-arrendatario\/\" target=\"_blank\">\r\n\t\t\t\tArrendamientos Urbanos: Derechos y Obligaciones del Arrendador y Arrendatario\t\t\t<\/a>\r\n\t\t<\/h2>\r\n\t\t\t\t<div class=\"premium-blog-entry-meta\">\r\n\t\t\t\r\n\t\t\t\t\t\t\t<span class=\"premium-blog-meta-separator\">\u2022<\/span>\r\n\t\t\t\t<div class=\"premium-blog-post-time premium-blog-meta-data\">\r\n\t\t\t\t\t<i class=\"fa fa-calendar-alt\" aria-hidden=\"true\"><\/i>\r\n\t\t\t\t\t<span>2 de enero de 2024<\/span>\r\n\t\t\t\t<\/div>\r\n\t\t\t\r\n\t\t\t\r\n\t\t\t\t\t<\/div>\r\n\t\t\r\n\t\t\t\t\t<\/div>\r\n\r\n\t\t\t\t\t\t\t<div class=\"premium-blog-content-inner-wrapper premium-blog-content-inner-wrapper\">\r\n\t\t<p class=\"premium-blog-post-content\">El mercado de arrendamientos urbanos es din\u00e1mico y est\u00e1 sujeto a normativas espec\u00edficas que regulan las relaciones entre arrendadores y arrendatarios.<\/p>\t\t<\/div>\r\n\t\t\t\t\t\t\t\r\n\t\t\t\t<\/div>\r\n\t\t\t<\/div>\r\n\t\t<\/div>\r\n\r\n\t\t\t\t<\/div>\n\n\t\t\t\t<div class=\"premium-blog-footer\">\n\t\t\t\t\t\t<nav class=\"premium-blog-pagination-container\" role=\"navigation\" aria-label=\"Paginaci\u00f3n\">\r\n\t\t\t\t<span aria-current=\"page\" class=\"page-numbers current\">1<\/span>\n<a class=\"page-numbers\" href=\"https:\/\/fernandezromacho.com\/index.php\/wp-json\/wp\/v2\/pages\/963\/page\/2\/\">2<\/a>\n<a class=\"next page-numbers\" href=\"https:\/\/fernandezromacho.com\/index.php\/wp-json\/wp\/v2\/pages\/963\/page\/2\/\">Siguiente \u00bb<\/a>\t\t\t<\/nav>\r\n\t\t\t\t\t<\/div>\n\t\t\t\t\t<\/div>\n\t\t\t\t<\/div>\n\t\t\t\t\t<\/div>\n\t\t\t\t<\/div>\n\t\t<div class=\"elementor-element elementor-element-994c2fc e-con-full e-flex e-con e-parent\" data-id=\"994c2fc\" data-element_type=\"container\">\n\t\t\t\t<div class=\"elementor-element elementor-element-d51a12f elementor-widget elementor-widget-spacer\" data-id=\"d51a12f\" data-element_type=\"widget\" data-widget_type=\"spacer.default\">\n\t\t\t\t<div class=\"elementor-widget-container\">\n\t\t\t\t\t<div class=\"elementor-spacer\">\n\t\t\t<div class=\"elementor-spacer-inner\"><\/div>\n\t\t<\/div>\n\t\t\t\t<\/div>\n\t\t\t\t<\/div>\n\t\t\t\t<\/div>\n\t\t\t\t<\/div>\n\t\t","protected":false},"excerpt":{"rendered":"<p>ACTUALIDAD ACTUALIDAD El R\u00e9gimen de Propiedad Horizontal El R\u00e9gimen de Propiedad Horizontal \u2022 2 de enero de 2024 El r\u00e9gimen de propiedad horizontal regula la convivencia en comunidades de propietarios en Espa\u00f1a. Responsabilidad Civil y Penal de los Administradores de Empresas Responsabilidad Civil y Penal de los Administradores de Empresas \u2022 2 de enero de [&hellip;]<\/p>\n","protected":false},"author":1,"featured_media":0,"parent":0,"menu_order":0,"comment_status":"closed","ping_status":"closed","template":"","meta":{"site-sidebar-layout":"no-sidebar","site-content-layout":"","ast-site-content-layout":"full-width-container","site-content-style":"default","site-sidebar-style":"default","ast-global-header-display":"","ast-banner-title-visibility":"","ast-main-header-display":"","ast-hfb-above-header-display":"","ast-hfb-below-header-display":"","ast-hfb-mobile-header-display":"","site-post-title":"disabled","ast-breadcrumbs-content":"","ast-featured-img":"disabled","footer-sml-layout":"","theme-transparent-header-meta":"","adv-header-id-meta":"","stick-header-meta":"","header-above-stick-meta":"","header-main-stick-meta":"","header-below-stick-meta":"","astra-migrate-meta-layouts":"default","ast-page-background-enabled":"default","ast-page-background-meta":{"desktop":{"background-color":"var(--ast-global-color-4)","background-image":"","background-repeat":"repeat","background-position":"center center","background-size":"auto","background-attachment":"scroll","background-type":"","background-media":"","overlay-type":"","overlay-color":"","overlay-opacity":"","overlay-gradient":""},"tablet":{"background-color":"","background-image":"","background-repeat":"repeat","background-position":"center center","background-size":"auto","background-attachment":"scroll","background-type":"","background-media":"","overlay-type":"","overlay-color":"","overlay-opacity":"","overlay-gradient":""},"mobile":{"background-color":"","background-image":"","background-repeat":"repeat","background-position":"center center","background-size":"auto","background-attachment":"scroll","background-type":"","background-media":"","overlay-type":"","overlay-color":"","overlay-opacity":"","overlay-gradient":""}},"ast-content-background-meta":{"desktop":{"background-color":"var(--ast-global-color-5)","background-image":"","background-repeat":"repeat","background-position":"center center","background-size":"auto","background-attachment":"scroll","background-type":"","background-media":"","overlay-type":"","overlay-color":"","overlay-opacity":"","overlay-gradient":""},"tablet":{"background-color":"var(--ast-global-color-5)","background-image":"","background-repeat":"repeat","background-position":"center center","background-size":"auto","background-attachment":"scroll","background-type":"","background-media":"","overlay-type":"","overlay-color":"","overlay-opacity":"","overlay-gradient":""},"mobile":{"background-color":"var(--ast-global-color-5)","background-image":"","background-repeat":"repeat","background-position":"center center","background-size":"auto","background-attachment":"scroll","background-type":"","background-media":"","overlay-type":"","overlay-color":"","overlay-opacity":"","overlay-gradient":""}},"footnotes":""},"yoast_head":"<!-- This site is optimized with the Yoast SEO plugin v22.6 - https:\/\/yoast.com\/wordpress\/plugins\/seo\/ -->\n<title>ACTUALIDAD - FERN\u00c1NDEZ ROMACHO<\/title>\n<meta name=\"robots\" content=\"index, follow, max-snippet:-1, max-image-preview:large, max-video-preview:-1\" \/>\n<link rel=\"canonical\" href=\"https:\/\/fernandezromacho.com\/index.php\/blog\/\" \/>\n<meta property=\"og:locale\" content=\"es_ES\" \/>\n<meta property=\"og:type\" content=\"article\" \/>\n<meta property=\"og:title\" content=\"ACTUALIDAD - FERN\u00c1NDEZ ROMACHO\" \/>\n<meta property=\"og:description\" content=\"ACTUALIDAD ACTUALIDAD El R\u00e9gimen de Propiedad Horizontal El R\u00e9gimen de Propiedad Horizontal \u2022 2 de enero de 2024 El r\u00e9gimen de propiedad horizontal regula la convivencia en comunidades de propietarios en Espa\u00f1a. Responsabilidad Civil y Penal de los Administradores de Empresas Responsabilidad Civil y Penal de los Administradores de Empresas \u2022 2 de enero de [&hellip;]\" \/>\n<meta property=\"og:url\" content=\"https:\/\/fernandezromacho.com\/index.php\/blog\/\" \/>\n<meta property=\"og:site_name\" content=\"FERN\u00c1NDEZ ROMACHO\" \/>\n<meta property=\"article:modified_time\" content=\"2024-02-19T10:53:43+00:00\" \/>\n<meta property=\"og:image\" content=\"http:\/\/fernandezromacho.com\/wp-content\/uploads\/2024\/01\/Regimen-de-Propiedad-Horizontal.png\" \/>\n<meta name=\"twitter:card\" content=\"summary_large_image\" \/>\n<meta name=\"twitter:label1\" content=\"Tiempo de lectura\" \/>\n\t<meta name=\"twitter:data1\" content=\"7 minutos\" \/>\n<script type=\"application\/ld+json\" class=\"yoast-schema-graph\">{\"@context\":\"https:\/\/schema.org\",\"@graph\":[{\"@type\":\"WebPage\",\"@id\":\"https:\/\/fernandezromacho.com\/index.php\/blog\/\",\"url\":\"https:\/\/fernandezromacho.com\/index.php\/blog\/\",\"name\":\"ACTUALIDAD - FERN\u00c1NDEZ ROMACHO\",\"isPartOf\":{\"@id\":\"https:\/\/fernandezromacho.com\/#website\"},\"primaryImageOfPage\":{\"@id\":\"https:\/\/fernandezromacho.com\/index.php\/blog\/#primaryimage\"},\"image\":{\"@id\":\"https:\/\/fernandezromacho.com\/index.php\/blog\/#primaryimage\"},\"thumbnailUrl\":\"http:\/\/fernandezromacho.com\/wp-content\/uploads\/2024\/01\/Regimen-de-Propiedad-Horizontal.png\",\"datePublished\":\"2024-01-02T16:38:07+00:00\",\"dateModified\":\"2024-02-19T10:53:43+00:00\",\"breadcrumb\":{\"@id\":\"https:\/\/fernandezromacho.com\/index.php\/blog\/#breadcrumb\"},\"inLanguage\":\"es\",\"potentialAction\":[{\"@type\":\"ReadAction\",\"target\":[\"https:\/\/fernandezromacho.com\/index.php\/blog\/\"]}]},{\"@type\":\"ImageObject\",\"inLanguage\":\"es\",\"@id\":\"https:\/\/fernandezromacho.com\/index.php\/blog\/#primaryimage\",\"url\":\"https:\/\/fernandezromacho.com\/wp-content\/uploads\/2024\/01\/Regimen-de-Propiedad-Horizontal.png\",\"contentUrl\":\"https:\/\/fernandezromacho.com\/wp-content\/uploads\/2024\/01\/Regimen-de-Propiedad-Horizontal.png\",\"width\":1200,\"height\":628},{\"@type\":\"BreadcrumbList\",\"@id\":\"https:\/\/fernandezromacho.com\/index.php\/blog\/#breadcrumb\",\"itemListElement\":[{\"@type\":\"ListItem\",\"position\":1,\"name\":\"Portada\",\"item\":\"https:\/\/fernandezromacho.com\/\"},{\"@type\":\"ListItem\",\"position\":2,\"name\":\"ACTUALIDAD\"}]},{\"@type\":\"WebSite\",\"@id\":\"https:\/\/fernandezromacho.com\/#website\",\"url\":\"https:\/\/fernandezromacho.com\/\",\"name\":\"FERN\u00c1NDEZ ROMACHO\",\"description\":\"\",\"publisher\":{\"@id\":\"https:\/\/fernandezromacho.com\/#organization\"},\"potentialAction\":[{\"@type\":\"SearchAction\",\"target\":{\"@type\":\"EntryPoint\",\"urlTemplate\":\"https:\/\/fernandezromacho.com\/?s={search_term_string}\"},\"query-input\":\"required name=search_term_string\"}],\"inLanguage\":\"es\"},{\"@type\":\"Organization\",\"@id\":\"https:\/\/fernandezromacho.com\/#organization\",\"name\":\"FERN\u00c1NDEZ ROMACHO\",\"url\":\"https:\/\/fernandezromacho.com\/\",\"logo\":{\"@type\":\"ImageObject\",\"inLanguage\":\"es\",\"@id\":\"https:\/\/fernandezromacho.com\/#\/schema\/logo\/image\/\",\"url\":\"https:\/\/fernandezromacho.com\/wp-content\/uploads\/2024\/01\/Logotipo-Horizontal-Color-Fernandez-Romacho.png\",\"contentUrl\":\"https:\/\/fernandezromacho.com\/wp-content\/uploads\/2024\/01\/Logotipo-Horizontal-Color-Fernandez-Romacho.png\",\"width\":300,\"height\":60,\"caption\":\"FERN\u00c1NDEZ ROMACHO\"},\"image\":{\"@id\":\"https:\/\/fernandezromacho.com\/#\/schema\/logo\/image\/\"}}]}<\/script>\n<!-- \/ Yoast SEO plugin. -->","yoast_head_json":{"title":"ACTUALIDAD - FERN\u00c1NDEZ ROMACHO","robots":{"index":"index","follow":"follow","max-snippet":"max-snippet:-1","max-image-preview":"max-image-preview:large","max-video-preview":"max-video-preview:-1"},"canonical":"https:\/\/fernandezromacho.com\/index.php\/blog\/","og_locale":"es_ES","og_type":"article","og_title":"ACTUALIDAD - FERN\u00c1NDEZ ROMACHO","og_description":"ACTUALIDAD ACTUALIDAD El R\u00e9gimen de Propiedad Horizontal El R\u00e9gimen de Propiedad Horizontal \u2022 2 de enero de 2024 El r\u00e9gimen de propiedad horizontal regula la convivencia en comunidades de propietarios en Espa\u00f1a. Responsabilidad Civil y Penal de los Administradores de Empresas Responsabilidad Civil y Penal de los Administradores de Empresas \u2022 2 de enero de [&hellip;]","og_url":"https:\/\/fernandezromacho.com\/index.php\/blog\/","og_site_name":"FERN\u00c1NDEZ ROMACHO","article_modified_time":"2024-02-19T10:53:43+00:00","og_image":[{"url":"http:\/\/fernandezromacho.com\/wp-content\/uploads\/2024\/01\/Regimen-de-Propiedad-Horizontal.png"}],"twitter_card":"summary_large_image","twitter_misc":{"Tiempo de lectura":"7 minutos"},"schema":{"@context":"https:\/\/schema.org","@graph":[{"@type":"WebPage","@id":"https:\/\/fernandezromacho.com\/index.php\/blog\/","url":"https:\/\/fernandezromacho.com\/index.php\/blog\/","name":"ACTUALIDAD - FERN\u00c1NDEZ ROMACHO","isPartOf":{"@id":"https:\/\/fernandezromacho.com\/#website"},"primaryImageOfPage":{"@id":"https:\/\/fernandezromacho.com\/index.php\/blog\/#primaryimage"},"image":{"@id":"https:\/\/fernandezromacho.com\/index.php\/blog\/#primaryimage"},"thumbnailUrl":"http:\/\/fernandezromacho.com\/wp-content\/uploads\/2024\/01\/Regimen-de-Propiedad-Horizontal.png","datePublished":"2024-01-02T16:38:07+00:00","dateModified":"2024-02-19T10:53:43+00:00","breadcrumb":{"@id":"https:\/\/fernandezromacho.com\/index.php\/blog\/#breadcrumb"},"inLanguage":"es","potentialAction":[{"@type":"ReadAction","target":["https:\/\/fernandezromacho.com\/index.php\/blog\/"]}]},{"@type":"ImageObject","inLanguage":"es","@id":"https:\/\/fernandezromacho.com\/index.php\/blog\/#primaryimage","url":"https:\/\/fernandezromacho.com\/wp-content\/uploads\/2024\/01\/Regimen-de-Propiedad-Horizontal.png","contentUrl":"https:\/\/fernandezromacho.com\/wp-content\/uploads\/2024\/01\/Regimen-de-Propiedad-Horizontal.png","width":1200,"height":628},{"@type":"BreadcrumbList","@id":"https:\/\/fernandezromacho.com\/index.php\/blog\/#breadcrumb","itemListElement":[{"@type":"ListItem","position":1,"name":"Portada","item":"https:\/\/fernandezromacho.com\/"},{"@type":"ListItem","position":2,"name":"ACTUALIDAD"}]},{"@type":"WebSite","@id":"https:\/\/fernandezromacho.com\/#website","url":"https:\/\/fernandezromacho.com\/","name":"FERN\u00c1NDEZ ROMACHO","description":"","publisher":{"@id":"https:\/\/fernandezromacho.com\/#organization"},"potentialAction":[{"@type":"SearchAction","target":{"@type":"EntryPoint","urlTemplate":"https:\/\/fernandezromacho.com\/?s={search_term_string}"},"query-input":"required name=search_term_string"}],"inLanguage":"es"},{"@type":"Organization","@id":"https:\/\/fernandezromacho.com\/#organization","name":"FERN\u00c1NDEZ ROMACHO","url":"https:\/\/fernandezromacho.com\/","logo":{"@type":"ImageObject","inLanguage":"es","@id":"https:\/\/fernandezromacho.com\/#\/schema\/logo\/image\/","url":"https:\/\/fernandezromacho.com\/wp-content\/uploads\/2024\/01\/Logotipo-Horizontal-Color-Fernandez-Romacho.png","contentUrl":"https:\/\/fernandezromacho.com\/wp-content\/uploads\/2024\/01\/Logotipo-Horizontal-Color-Fernandez-Romacho.png","width":300,"height":60,"caption":"FERN\u00c1NDEZ ROMACHO"},"image":{"@id":"https:\/\/fernandezromacho.com\/#\/schema\/logo\/image\/"}}]}},"_links":{"self":[{"href":"https:\/\/fernandezromacho.com\/index.php\/wp-json\/wp\/v2\/pages\/963"}],"collection":[{"href":"https:\/\/fernandezromacho.com\/index.php\/wp-json\/wp\/v2\/pages"}],"about":[{"href":"https:\/\/fernandezromacho.com\/index.php\/wp-json\/wp\/v2\/types\/page"}],"author":[{"embeddable":true,"href":"https:\/\/fernandezromacho.com\/index.php\/wp-json\/wp\/v2\/users\/1"}],"replies":[{"embeddable":true,"href":"https:\/\/fernandezromacho.com\/index.php\/wp-json\/wp\/v2\/comments?post=963"}],"version-history":[{"count":47,"href":"https:\/\/fernandezromacho.com\/index.php\/wp-json\/wp\/v2\/pages\/963\/revisions"}],"predecessor-version":[{"id":4914,"href":"https:\/\/fernandezromacho.com\/index.php\/wp-json\/wp\/v2\/pages\/963\/revisions\/4914"}],"wp:attachment":[{"href":"https:\/\/fernandezromacho.com\/index.php\/wp-json\/wp\/v2\/media?parent=963"}],"curies":[{"name":"wp","href":"https:\/\/api.w.org\/{rel}","templated":true}]}}